{"id":3438,"date":"2025-09-10T16:22:29","date_gmt":"2025-09-10T13:22:29","guid":{"rendered":"https:\/\/asdent.tr\/tr\/?page_id=3438"},"modified":"2026-07-02T14:52:29","modified_gmt":"2026-07-02T11:52:29","slug":"ortodonti-dis-teli-ve-seffaf-plaklar","status":"publish","type":"page","link":"https:\/\/asdent.tr\/tr\/ortodonti-dis-teli-ve-seffaf-plaklar\/","title":{"rendered":"Ortodonti (Di\u015f Teli ve \u015eeffaf Plaklar)"},"content":{"rendered":"\t\t<div data-elementor-type=\"wp-page\" data-elementor-id=\"3438\" class=\"elementor elementor-3438\" data-elementor-post-type=\"page\">\n\t\t\t\t\t\t<section data-tmpcoder-particles=\"{&quot;particles&quot;:{&quot;number&quot;:{&quot;value&quot;:80,&quot;density&quot;:{&quot;enable&quot;:true,&quot;value_area&quot;:800}},&quot;color&quot;:{&quot;value&quot;:&quot;#000000&quot;},&quot;shape&quot;:{&quot;type&quot;:&quot;circle&quot;,&quot;stroke&quot;:{&quot;width&quot;:0,&quot;color&quot;:&quot;#000000&quot;},&quot;polygon&quot;:{&quot;nb_sides&quot;:5},&quot;image&quot;:{&quot;src&quot;:&quot;img\/github.svg&quot;,&quot;width&quot;:100,&quot;height&quot;:100}},&quot;opacity&quot;:{&quot;value&quot;:0.5,&quot;random&quot;:false,&quot;anim&quot;:{&quot;enable&quot;:false,&quot;speed&quot;:1,&quot;opacity_min&quot;:0.1,&quot;sync&quot;:false}},&quot;size&quot;:{&quot;value&quot;:3,&quot;random&quot;:true,&quot;anim&quot;:{&quot;enable&quot;:false,&quot;speed&quot;:40,&quot;size_min&quot;:0.1,&quot;sync&quot;:false}},&quot;line_linked&quot;:{&quot;enable&quot;:true,&quot;distance&quot;:150,&quot;color&quot;:&quot;#000000&quot;,&quot;opacity&quot;:0.4,&quot;width&quot;:1},&quot;move&quot;:{&quot;enable&quot;:true,&quot;speed&quot;:6,&quot;direction&quot;:&quot;none&quot;,&quot;random&quot;:false,&quot;straight&quot;:false,&quot;out_mode&quot;:&quot;out&quot;,&quot;bounce&quot;:false,&quot;attract&quot;:{&quot;enable&quot;:false,&quot;rotateX&quot;:600,&quot;rotateY&quot;:1200}}},&quot;interactivity&quot;:{&quot;detect_on&quot;:&quot;window&quot;,&quot;events&quot;:{&quot;onhover&quot;:{&quot;enable&quot;:true,&quot;mode&quot;:&quot;repulse&quot;},&quot;onclick&quot;:{&quot;enable&quot;:true,&quot;mode&quot;:&quot;push&quot;},&quot;resize&quot;:true},&quot;modes&quot;:{&quot;grab&quot;:{&quot;distance&quot;:400,&quot;line_linked&quot;:{&quot;opacity&quot;:1}},&quot;bubble&quot;:{&quot;distance&quot;:400,&quot;size&quot;:40,&quot;duration&quot;:2,&quot;opacity&quot;:8,&quot;speed&quot;:3},&quot;repulse&quot;:{&quot;distance&quot;:200,&quot;duration&quot;:0.4},&quot;push&quot;:{&quot;particles_nb&quot;:4},&quot;remove&quot;:{&quot;particles_nb&quot;:2}}},&quot;retina_detect&quot;:true}\" particle-source=\"tmpcoder_particle_json_custom\" class=\"elementor-section elementor-top-section elementor-element elementor-element-517d26b5 tmpcoder-particle-yes elementor-section-boxed elementor-section-height-default elementor-section-height-default tmpcoder-jarallax-no tmpcoder-parallax-no tmpcoder-sticky-section-no\" data-id=\"517d26b5\" data-element_type=\"section\" data-e-type=\"section\" data-settings=\"{&quot;background_background&quot;:&quot;classic&quot;}\">\n\t\t\t\t\t\t<div class=\"elementor-container elementor-column-gap-default\">\n\t\t\t\t\t<div class=\"elementor-column elementor-col-100 elementor-top-column elementor-element elementor-element-43c44995\" data-id=\"43c44995\" data-element_type=\"column\" data-e-type=\"column\">\n\t\t\t<div class=\"elementor-widget-wrap elementor-element-populated\">\n\t\t\t\t\t\t<div class=\"elementor-element elementor-element-6f22ca3f elementor-widget elementor-widget-tmpcoder_breadcrumb\" data-id=\"6f22ca3f\" data-element_type=\"widget\" data-e-type=\"widget\" data-widget_type=\"tmpcoder_breadcrumb.default\">\n\t\t\t\t<div class=\"elementor-widget-container\">\n\t\t\t\t\t\n        <div class=\"row\">\n            <div class=\"col-md-12\">\n                <div class=\"page-banner\">\n                    <h1 class=\"sub-banner-title yes\">Ortodonti (Di\u015f Teli ve \u015eeffaf Plaklar)<\/h1>                <\/div>\n            <\/div>\n        <\/div>\n\n        \t\t\t\t<\/div>\n\t\t\t\t<\/div>\n\t\t\t\t\t<\/div>\n\t\t<\/div>\n\t\t\t\t\t<\/div>\n\t\t<\/section>\n\t\t<div class=\"elementor-element elementor-element-3e3cd55e e-con-full e-flex tmpcoder-jarallax-no tmpcoder-parallax-no tmpcoder-particle-no tmpcoder-sticky-section-no e-con e-parent\" data-id=\"3e3cd55e\" data-element_type=\"container\" data-e-type=\"container\">\n\t\t<div class=\"elementor-element elementor-element-62853742 e-con-full e-flex tmpcoder-jarallax-no tmpcoder-parallax-no tmpcoder-particle-no tmpcoder-sticky-section-no elementor-invisible e-con e-child\" data-id=\"62853742\" data-element_type=\"container\" data-e-type=\"container\" data-settings=\"{&quot;animation&quot;:&quot;fadeInLeft&quot;}\">\n\t\t\t\t<div class=\"elementor-element elementor-element-5d880511 elementor-widget elementor-widget-image\" data-id=\"5d880511\" data-element_type=\"widget\" data-e-type=\"widget\" data-widget_type=\"image.default\">\n\t\t\t\t\t\t\t\t\t\t\t\t\t\t\t<img fetchpriority=\"high\" decoding=\"async\" width=\"1200\" height=\"675\" src=\"https:\/\/asdent.tr\/tr\/wp-content\/uploads\/sites\/2\/2025\/09\/Bursa-Inegol-ASDENT-Dis-klinigi-Ortodonti-dis-teli-ve-sefaf-olak-uygulamalari-1-2.webp\" class=\"attachment-full size-full wp-image-3552\" alt=\"Bursa \u0130neg\u00f6l ASDENT Di\u015f klini\u011fi Ortodonti di\u015f teli ve \u015fefaf olak uygulamalar\u0131 1\" srcset=\"https:\/\/asdent.tr\/tr\/wp-content\/uploads\/sites\/2\/2025\/09\/Bursa-Inegol-ASDENT-Dis-klinigi-Ortodonti-dis-teli-ve-sefaf-olak-uygulamalari-1-2.webp 1200w, https:\/\/asdent.tr\/tr\/wp-content\/uploads\/sites\/2\/2025\/09\/Bursa-Inegol-ASDENT-Dis-klinigi-Ortodonti-dis-teli-ve-sefaf-olak-uygulamalari-1-2-300x169.webp 300w, https:\/\/asdent.tr\/tr\/wp-content\/uploads\/sites\/2\/2025\/09\/Bursa-Inegol-ASDENT-Dis-klinigi-Ortodonti-dis-teli-ve-sefaf-olak-uygulamalari-1-2-1024x576.webp 1024w, https:\/\/asdent.tr\/tr\/wp-content\/uploads\/sites\/2\/2025\/09\/Bursa-Inegol-ASDENT-Dis-klinigi-Ortodonti-dis-teli-ve-sefaf-olak-uygulamalari-1-2-768x432.webp 768w\" sizes=\"(max-width: 1200px) 100vw, 1200px\" \/>\t\t\t\t\t\t\t\t\t\t\t\t\t\t\t<\/div>\n\t\t\t\t<\/div>\n\t\t<div class=\"elementor-element elementor-element-36da3415 e-con-full e-flex tmpcoder-jarallax-no tmpcoder-parallax-no tmpcoder-particle-no tmpcoder-sticky-section-no elementor-invisible e-con e-child\" data-id=\"36da3415\" data-element_type=\"container\" data-e-type=\"container\" data-settings=\"{&quot;animation&quot;:&quot;fadeInRight&quot;}\">\n\t\t\t\t<div class=\"elementor-element elementor-element-2dc98c20 elementor-widget elementor-widget-heading\" data-id=\"2dc98c20\" data-element_type=\"widget\" data-e-type=\"widget\" data-widget_type=\"heading.default\">\n\t\t\t\t\t<h2 class=\"elementor-heading-title elementor-size-default\">Ortodonti Di\u015f Teli ve \u015eeffaf Plak Tedavisi | ASDENT Di\u015f Klini\u011fi Bursa \u0130neg\u00f6l<\/h2>\t\t\t\t<\/div>\n\t\t\t\t<div class=\"elementor-element elementor-element-5d2a8749 elementor-widget elementor-widget-text-editor\" data-id=\"5d2a8749\" data-element_type=\"widget\" data-e-type=\"widget\" data-settings=\"{&quot;_animation&quot;:&quot;none&quot;,&quot;_animation_delay&quot;:200}\" data-widget_type=\"text-editor.default\">\n\t\t\t\t\t\t\t\t\t<p class=\"isSelectedEnd\"><strong>Ortodonti Di\u015f Teli<\/strong> tedavisi, \u00e7apra\u015f\u0131k di\u015fleri d\u00fczeltmek, kapan\u0131\u015f bozukluklar\u0131n\u0131 gidermek ve estetik bir g\u00fcl\u00fc\u015f olu\u015fturmak isteyen hastalar i\u00e7in en etkili \u00e7\u00f6z\u00fcmlerden biridir. <strong>ASDENT Di\u015f Klini\u011fi<\/strong> olarak Bursa \u0130neg\u00f6l&#8217;de modern <strong>\u015feffaf plak tedavisi<\/strong>, geleneksel di\u015f telleri ve ki\u015fiye \u00f6zel ortodontik \u00e7\u00f6z\u00fcmler sunuyoruz. Uzman ortodontistlerimiz, ileri dijital teknolojilerimiz ve hasta odakl\u0131 yakla\u015f\u0131m\u0131m\u0131z sayesinde hem \u00e7ocuklar hem gen\u00e7ler hem de yeti\u015fkinler i\u00e7in g\u00fcvenilir, konforlu ve uzun \u00f6m\u00fcrl\u00fc tedaviler ger\u00e7ekle\u015ftiriyoruz.<\/p><p>Sa\u011fl\u0131kl\u0131 di\u015f dizilimi yaln\u0131zca estetik g\u00f6r\u00fcn\u00fcm\u00fc iyile\u015ftirmez. Ayn\u0131 zamanda a\u011f\u0131z hijyenini kolayla\u015ft\u0131r\u0131r, \u00e7i\u011fneme fonksiyonunu geli\u015ftirir ve di\u015f eti hastal\u0131klar\u0131n\u0131n olu\u015fma riskini azalt\u0131r. Bu nedenle do\u011fru planlanan ortodontik tedavi, ya\u015fam kalitesini art\u0131ran \u00f6nemli bir yat\u0131r\u0131md\u0131r.<\/p>\t\t\t\t\t\t\t\t<\/div>\n\t\t\t\t<\/div>\n\t\t\t\t<\/div>\n\t\t<div class=\"elementor-element elementor-element-5e751fa9 e-con-full e-flex tmpcoder-jarallax-no tmpcoder-parallax-no tmpcoder-particle-no tmpcoder-sticky-section-no e-con e-parent\" data-id=\"5e751fa9\" data-element_type=\"container\" data-e-type=\"container\">\n\t\t\t\t<div class=\"elementor-element elementor-element-520a0de2 elementor-widget elementor-widget-heading\" data-id=\"520a0de2\" data-element_type=\"widget\" data-e-type=\"widget\" data-widget_type=\"heading.default\">\n\t\t\t\t\t<h2 class=\"elementor-heading-title elementor-size-default\">Ortodonti Nedir?<\/h2>\t\t\t\t<\/div>\n\t\t\t\t<div class=\"elementor-element elementor-element-4a801095 elementor-widget elementor-widget-text-editor\" data-id=\"4a801095\" data-element_type=\"widget\" data-e-type=\"widget\" data-settings=\"{&quot;_animation&quot;:&quot;none&quot;,&quot;_animation_delay&quot;:200}\" data-widget_type=\"text-editor.default\">\n\t\t\t\t\t\t\t\t\t<p class=\"isSelectedEnd\">Ortodonti; di\u015flerin, \u00e7enelerin ve kapan\u0131\u015f sisteminin do\u011fru hizalanmas\u0131n\u0131 sa\u011flayan di\u015f hekimli\u011fi uzmanl\u0131k dal\u0131d\u0131r.<\/p><p class=\"isSelectedEnd\"><strong>ASDENT Dental Klinik&#8217;te<\/strong> a\u015fa\u011f\u0131daki problemlerin tedavisini ger\u00e7ekle\u015ftiriyoruz:<\/p><ul data-spread=\"false\"><li>\u00c7apra\u015f\u0131k di\u015fler<\/li><li>Ayr\u0131k di\u015fler<\/li><li>\u00c7ene kapan\u0131\u015f bozukluklar\u0131<\/li><li>Derin kapan\u0131\u015f<\/li><li>A\u00e7\u0131k kapan\u0131\u015f<\/li><li>\u00c7apraz kapan\u0131\u015f<\/li><li>Alt ve \u00fcst \u00e7ene uyumsuzluklar\u0131<\/li><li>S\u0131k\u0131\u015f\u0131k di\u015f dizilimi<\/li><\/ul><p>Her hasta i\u00e7in dijital analiz yap\u0131yor, 3D g\u00f6r\u00fcnt\u00fcleme sistemleriyle en do\u011fru tedavi plan\u0131n\u0131 haz\u0131rl\u0131yoruz.<\/p>\t\t\t\t\t\t\t\t<\/div>\n\t\t\t\t<\/div>\n\t\t<div class=\"elementor-element elementor-element-11b80f12 e-con-full e-flex tmpcoder-jarallax-no tmpcoder-parallax-no tmpcoder-particle-no tmpcoder-sticky-section-no e-con e-parent\" data-id=\"11b80f12\" data-element_type=\"container\" data-e-type=\"container\">\n\t\t<div class=\"elementor-element elementor-element-5aca98e7 e-con-full e-flex tmpcoder-jarallax-no tmpcoder-parallax-no tmpcoder-particle-no tmpcoder-sticky-section-no elementor-invisible e-con e-child\" data-id=\"5aca98e7\" data-element_type=\"container\" data-e-type=\"container\" data-settings=\"{&quot;animation&quot;:&quot;fadeInRight&quot;}\">\n\t\t\t\t<div class=\"elementor-element elementor-element-615ed7a7 elementor-widget elementor-widget-heading\" data-id=\"615ed7a7\" data-element_type=\"widget\" data-e-type=\"widget\" data-widget_type=\"heading.default\">\n\t\t\t\t\t<h2 class=\"elementor-heading-title elementor-size-default\">ASDENT Di\u015f Klini\u011finde Ortodonti Di\u015f Teli Tedavi Se\u00e7enekleri<\/h2>\t\t\t\t<\/div>\n\t\t\t\t<div class=\"elementor-element elementor-element-206819d elementor-widget elementor-widget-heading\" data-id=\"206819d\" data-element_type=\"widget\" data-e-type=\"widget\" data-widget_type=\"heading.default\">\n\t\t\t\t\t<h3 class=\"elementor-heading-title elementor-size-default\">Metal Di\u015f Teli Tedavisi:<\/h3>\t\t\t\t<\/div>\n\t\t\t\t<div class=\"elementor-element elementor-element-7b4935bf elementor-widget elementor-widget-text-editor\" data-id=\"7b4935bf\" data-element_type=\"widget\" data-e-type=\"widget\" data-settings=\"{&quot;_animation&quot;:&quot;none&quot;,&quot;_animation_delay&quot;:200}\" data-widget_type=\"text-editor.default\">\n\t\t\t\t\t\t\t\t\t<p class=\"isSelectedEnd\">Metal braketler uzun y\u0131llard\u0131r ba\u015far\u0131yla kullan\u0131lan en g\u00fcvenilir ortodontik tedavi y\u00f6ntemlerinden biridir.<\/p><h5><strong>Avantajlar\u0131:<\/strong><\/h5><ul><li>Her ya\u015f grubuna uygundur.<\/li><li>\u0130leri derecede \u00e7apra\u015f\u0131kl\u0131klar\u0131 d\u00fczeltir.<\/li><li>Dayan\u0131kl\u0131d\u0131r.<\/li><li>Ekonomik \u00e7\u00f6z\u00fcmler sunar.<\/li><li>Tedavi ba\u015far\u0131s\u0131 olduk\u00e7a y\u00fcksektir.<\/li><\/ul>\t\t\t\t\t\t\t\t<\/div>\n\t\t\t\t<div class=\"elementor-element elementor-element-82e39fe elementor-widget elementor-widget-heading\" data-id=\"82e39fe\" data-element_type=\"widget\" data-e-type=\"widget\" data-widget_type=\"heading.default\">\n\t\t\t\t\t<h3 class=\"elementor-heading-title elementor-size-default\">Seramik Di\u015f Teli:<\/h3>\t\t\t\t<\/div>\n\t\t\t\t<div class=\"elementor-element elementor-element-24b0ecd elementor-widget elementor-widget-text-editor\" data-id=\"24b0ecd\" data-element_type=\"widget\" data-e-type=\"widget\" data-settings=\"{&quot;_animation&quot;:&quot;none&quot;,&quot;_animation_delay&quot;:200}\" data-widget_type=\"text-editor.default\">\n\t\t\t\t\t\t\t\t\t<p class=\"isSelectedEnd\">Seramik braketler di\u015f renginde \u00fcretildi\u011fi i\u00e7in estetik a\u00e7\u0131dan daha avantajl\u0131d\u0131r.<\/p><h5><strong>Avantajlar\u0131:<\/strong><\/h5><ul data-spread=\"false\"><li>Daha az g\u00f6r\u00fcn\u00fcr.<\/li><li>Estetik beklentisi y\u00fcksek hastalar i\u00e7in idealdir.<\/li><li>Orta ve ileri seviye vakalarda ba\u015far\u0131l\u0131 sonu\u00e7 verir.<\/li><li>G\u00fcnl\u00fck ya\u015fam\u0131 rahat \u015fekilde s\u00fcrd\u00fcrmenizi sa\u011flar.<\/li><\/ul>\t\t\t\t\t\t\t\t<\/div>\n\t\t\t\t<div class=\"elementor-element elementor-element-6ae15b1 elementor-widget elementor-widget-heading\" data-id=\"6ae15b1\" data-element_type=\"widget\" data-e-type=\"widget\" data-widget_type=\"heading.default\">\n\t\t\t\t\t<h3 class=\"elementor-heading-title elementor-size-default\">\u015eeffaf Plak Tedavisi (Invisalign):<\/h3>\t\t\t\t<\/div>\n\t\t\t\t<div class=\"elementor-element elementor-element-1ea8e6b elementor-widget elementor-widget-text-editor\" data-id=\"1ea8e6b\" data-element_type=\"widget\" data-e-type=\"widget\" data-settings=\"{&quot;_animation&quot;:&quot;none&quot;,&quot;_animation_delay&quot;:200}\" data-widget_type=\"text-editor.default\">\n\t\t\t\t\t\t\t\t\t<p class=\"isSelectedEnd\">\u015eeffaf plaklar, ki\u015fiye \u00f6zel olarak \u00fcretilen \u00e7\u0131kar\u0131labilir ortodontik apareylerdir.<\/p><h5><strong>Avantajlar\u0131:<\/strong><\/h5><ul data-spread=\"false\"><li>Neredeyse g\u00f6r\u00fcnmez.<\/li><li>Yemek yerken \u00e7\u0131kar\u0131labilir.<\/li><li>Di\u015f temizli\u011fi \u00e7ok daha kolayd\u0131r.<\/li><li>Konforlu kullan\u0131m sunar.<\/li><li>Sosyal ya\u015fam\u0131 etkilemez.<\/li><\/ul><p>\u00d6zellikle \u00e7al\u0131\u015fan yeti\u015fkinler, \u00f6\u011frenciler ve estetik g\u00f6r\u00fcn\u00fcm\u00fcne \u00f6nem veren bireyler taraf\u0131ndan s\u0131kl\u0131kla tercih edilir<\/p>\t\t\t\t\t\t\t\t<\/div>\n\t\t\t\t<div class=\"elementor-element elementor-element-e1c7f11 elementor-widget elementor-widget-heading\" data-id=\"e1c7f11\" data-element_type=\"widget\" data-e-type=\"widget\" data-widget_type=\"heading.default\">\n\t\t\t\t\t<h3 class=\"elementor-heading-title elementor-size-default\">Lingual Di\u015f Teli:<\/h3>\t\t\t\t<\/div>\n\t\t\t\t<div class=\"elementor-element elementor-element-21c06ae elementor-widget elementor-widget-text-editor\" data-id=\"21c06ae\" data-element_type=\"widget\" data-e-type=\"widget\" data-settings=\"{&quot;_animation&quot;:&quot;none&quot;,&quot;_animation_delay&quot;:200}\" data-widget_type=\"text-editor.default\">\n\t\t\t\t\t\t\t\t\t<p class=\"isSelectedEnd\">Lingual teller di\u015flerin arka y\u00fczeyine yerle\u015ftirilir.<\/p><h5><strong>Avantajlar\u0131:<\/strong><\/h5><ul data-spread=\"false\"><li>D\u0131\u015far\u0131dan g\u00f6r\u00fcnmez.<\/li><li>Tamamen ki\u015fiye \u00f6zel haz\u0131rlan\u0131r.<\/li><li>Profesyonel ya\u015famda estetik avantaj sa\u011flar.<\/li><\/ul>\t\t\t\t\t\t\t\t<\/div>\n\t\t\t\t<\/div>\n\t\t<div class=\"elementor-element elementor-element-2f69c03e e-con-full e-flex tmpcoder-jarallax-no tmpcoder-parallax-no tmpcoder-particle-no tmpcoder-sticky-section-no elementor-invisible e-con e-child\" data-id=\"2f69c03e\" data-element_type=\"container\" data-e-type=\"container\" data-settings=\"{&quot;animation&quot;:&quot;fadeInRight&quot;}\">\n\t\t\t\t<div class=\"elementor-element elementor-element-659d46bf elementor-widget elementor-widget-heading\" data-id=\"659d46bf\" data-element_type=\"widget\" data-e-type=\"widget\" data-widget_type=\"heading.default\">\n\t\t\t\t\t<h2 class=\"elementor-heading-title elementor-size-default\">Ortodonti Di\u015f Teli Tedavisinin Avantajlar\u0131<\/h2>\t\t\t\t<\/div>\n\t\t\t\t<div class=\"elementor-element elementor-element-3d465d09 elementor-widget elementor-widget-text-editor\" data-id=\"3d465d09\" data-element_type=\"widget\" data-e-type=\"widget\" data-settings=\"{&quot;_animation&quot;:&quot;none&quot;,&quot;_animation_delay&quot;:200}\" data-widget_type=\"text-editor.default\">\n\t\t\t\t\t\t\t\t\t<ul><li class=\"isSelectedEnd\">Ortodontik tedavi yaln\u0131zca estetik ama\u00e7 ta\u015f\u0131maz.<\/li><li class=\"isSelectedEnd\">D\u00fczenli hizalanm\u0131\u015f di\u015fler daha kolay temizlenir. B\u00f6ylece \u00e7\u00fcr\u00fck riski azal\u0131r. Ayr\u0131ca di\u015f eti hastal\u0131klar\u0131n\u0131n g\u00f6r\u00fclme ihtimali d\u00fc\u015fer. Bununla birlikte do\u011fru kapan\u0131\u015f \u00e7i\u011fnemeyi geli\u015ftirir. Konu\u015fma problemleri azal\u0131r. \u00c7ene eklemine binen y\u00fck dengelenir. Sonu\u00e7 olarak hem a\u011f\u0131z sa\u011fl\u0131\u011f\u0131 hem ya\u015fam kalitesi \u00f6nemli \u00f6l\u00e7\u00fcde artar.<\/li><li>Ortodontik tedavi ayn\u0131 zamanda ki\u015finin \u00f6zg\u00fcvenini y\u00fckseltir. G\u00fczel bir g\u00fcl\u00fc\u015f sosyal ya\u015famda ve i\u015f hayat\u0131nda \u00f6nemli avantaj sa\u011flar.<\/li><\/ul>\t\t\t\t\t\t\t\t<\/div>\n\t\t\t\t<\/div>\n\t\t\t\t<\/div>\n\t\t<div class=\"elementor-element elementor-element-13731fc1 e-con-full e-flex tmpcoder-jarallax-no tmpcoder-parallax-no tmpcoder-particle-no tmpcoder-sticky-section-no e-con e-parent\" data-id=\"13731fc1\" data-element_type=\"container\" data-e-type=\"container\">\n\t\t<div class=\"elementor-element elementor-element-70496e09 e-con-full e-flex tmpcoder-jarallax-no tmpcoder-parallax-no tmpcoder-particle-no tmpcoder-sticky-section-no elementor-invisible e-con e-child\" data-id=\"70496e09\" data-element_type=\"container\" data-e-type=\"container\" data-settings=\"{&quot;animation&quot;:&quot;fadeInLeft&quot;}\">\n\t\t\t\t<div class=\"elementor-element elementor-element-6838e8 elementor-widget elementor-widget-heading\" data-id=\"6838e8\" data-element_type=\"widget\" data-e-type=\"widget\" data-widget_type=\"heading.default\">\n\t\t\t\t\t<h2 class=\"elementor-heading-title elementor-size-default\">ASDENT \u0130neg\u00f6l Bursa Di\u015f Klini\u011finde Ortodontik Uygulamalar S\u00fcreci<\/h2>\t\t\t\t<\/div>\n\t\t\t\t<div class=\"elementor-element elementor-element-2d0a917 elementor-widget elementor-widget-heading\" data-id=\"2d0a917\" data-element_type=\"widget\" data-e-type=\"widget\" data-widget_type=\"heading.default\">\n\t\t\t\t\t<h3 class=\"elementor-heading-title elementor-size-default\">Muayene ve Dijital Analiz:<\/h3>\t\t\t\t<\/div>\n\t\t\t\t<div class=\"elementor-element elementor-element-87e587 elementor-widget elementor-widget-text-editor\" data-id=\"87e587\" data-element_type=\"widget\" data-e-type=\"widget\" data-settings=\"{&quot;_animation&quot;:&quot;none&quot;,&quot;_animation_delay&quot;:200}\" data-widget_type=\"text-editor.default\">\n\t\t\t\t\t\t\t\t\t<ul><li class=\"isSelectedEnd\">\u0130lk randevuda a\u011f\u0131z i\u00e7i muayene yap\u0131l\u0131r.<\/li><li class=\"isSelectedEnd\">Dijital r\u00f6ntgenler al\u0131n\u0131r.<\/li><li class=\"isSelectedEnd\">3D a\u011f\u0131z taramas\u0131 ger\u00e7ekle\u015ftirilir.<\/li><li>Tedavi hedefleri belirlenir.<\/li><\/ul>\t\t\t\t\t\t\t\t<\/div>\n\t\t\t\t<div class=\"elementor-element elementor-element-7ee8529 elementor-widget elementor-widget-heading\" data-id=\"7ee8529\" data-element_type=\"widget\" data-e-type=\"widget\" data-widget_type=\"heading.default\">\n\t\t\t\t\t<h3 class=\"elementor-heading-title elementor-size-default\">Ki\u015fiye \u00d6zel Planlama:<\/h3>\t\t\t\t<\/div>\n\t\t\t\t<div class=\"elementor-element elementor-element-a5e3e73 elementor-widget elementor-widget-text-editor\" data-id=\"a5e3e73\" data-element_type=\"widget\" data-e-type=\"widget\" data-settings=\"{&quot;_animation&quot;:&quot;none&quot;,&quot;_animation_delay&quot;:200}\" data-widget_type=\"text-editor.default\">\n\t\t\t\t\t\t\t\t\t<ul><li class=\"isSelectedEnd\">Uzman ortodontistlerimiz ihtiya\u00e7lar\u0131n\u0131za g\u00f6re en uygun y\u00f6ntemi belirler.<\/li><li class=\"isSelectedEnd\">Metal tel<\/li><li class=\"isSelectedEnd\">Seramik tel<\/li><li class=\"isSelectedEnd\">\u015eeffaf plak<\/li><li class=\"isSelectedEnd\">Lingual ortodonti<\/li><\/ul><p>gibi se\u00e7enekler ayr\u0131nt\u0131l\u0131 \u015fekilde de\u011ferlendirilir.<\/p>\t\t\t\t\t\t\t\t<\/div>\n\t\t\t\t<\/div>\n\t\t<div class=\"elementor-element elementor-element-306b7f5 e-con-full e-flex tmpcoder-jarallax-no tmpcoder-parallax-no tmpcoder-particle-no tmpcoder-sticky-section-no elementor-invisible e-con e-child\" data-id=\"306b7f5\" data-element_type=\"container\" data-e-type=\"container\" data-settings=\"{&quot;animation&quot;:&quot;fadeInRight&quot;}\">\n\t\t\t\t<div class=\"elementor-element elementor-element-6003458c elementor-widget__width-initial elementor-widget elementor-widget-image\" data-id=\"6003458c\" data-element_type=\"widget\" data-e-type=\"widget\" data-widget_type=\"image.default\">\n\t\t\t\t\t\t\t\t\t\t\t\t\t\t\t<img decoding=\"async\" width=\"1200\" height=\"675\" src=\"https:\/\/asdent.tr\/tr\/wp-content\/uploads\/sites\/2\/2025\/09\/Bursa-Inegol-ASDENT-Dis-klinigi-Ortodonti-dis-teli-ve-sefaf-olak-uygulamalari.webp\" class=\"attachment-2048x2048 size-2048x2048 wp-image-3544\" alt=\"Bursa \u0130neg\u00f6l ASDENT Di\u015f klini\u011fi Ortodonti di\u015f teli ve \u015fefaf olak uygulamalar\u0131\" srcset=\"https:\/\/asdent.tr\/tr\/wp-content\/uploads\/sites\/2\/2025\/09\/Bursa-Inegol-ASDENT-Dis-klinigi-Ortodonti-dis-teli-ve-sefaf-olak-uygulamalari.webp 1200w, https:\/\/asdent.tr\/tr\/wp-content\/uploads\/sites\/2\/2025\/09\/Bursa-Inegol-ASDENT-Dis-klinigi-Ortodonti-dis-teli-ve-sefaf-olak-uygulamalari-300x169.webp 300w, https:\/\/asdent.tr\/tr\/wp-content\/uploads\/sites\/2\/2025\/09\/Bursa-Inegol-ASDENT-Dis-klinigi-Ortodonti-dis-teli-ve-sefaf-olak-uygulamalari-1024x576.webp 1024w, https:\/\/asdent.tr\/tr\/wp-content\/uploads\/sites\/2\/2025\/09\/Bursa-Inegol-ASDENT-Dis-klinigi-Ortodonti-dis-teli-ve-sefaf-olak-uygulamalari-768x432.webp 768w\" sizes=\"(max-width: 1200px) 100vw, 1200px\" \/>\t\t\t\t\t\t\t\t\t\t\t\t\t\t\t<\/div>\n\t\t\t\t<\/div>\n\t\t\t\t<\/div>\n\t\t<div class=\"elementor-element elementor-element-5fa80e15 e-con-full e-flex tmpcoder-jarallax-no tmpcoder-parallax-no tmpcoder-particle-no tmpcoder-sticky-section-no e-con e-parent\" data-id=\"5fa80e15\" data-element_type=\"container\" data-e-type=\"container\">\n\t\t<div class=\"elementor-element elementor-element-36c73719 e-con-full e-flex tmpcoder-jarallax-no tmpcoder-parallax-no tmpcoder-particle-no tmpcoder-sticky-section-no elementor-invisible e-con e-child\" data-id=\"36c73719\" data-element_type=\"container\" data-e-type=\"container\" data-settings=\"{&quot;animation&quot;:&quot;fadeInLeft&quot;}\">\n\t\t\t\t<div class=\"elementor-element elementor-element-103448e3 elementor-widget elementor-widget-heading\" data-id=\"103448e3\" data-element_type=\"widget\" data-e-type=\"widget\" data-widget_type=\"heading.default\">\n\t\t\t\t\t<h3 class=\"elementor-heading-title elementor-size-default\">Tedavinin Ba\u015flamas\u0131:<\/h3>\t\t\t\t<\/div>\n\t\t\t\t<div class=\"elementor-element elementor-element-3eb8fa71 elementor-widget elementor-widget-text-editor\" data-id=\"3eb8fa71\" data-element_type=\"widget\" data-e-type=\"widget\" data-settings=\"{&quot;_animation&quot;:&quot;none&quot;,&quot;_animation_delay&quot;:200}\" data-widget_type=\"text-editor.default\">\n\t\t\t\t\t\t\t\t\t<ul><li class=\"isSelectedEnd\">Braketler yerle\u015ftirilir veya ilk \u015feffaf plaklar teslim edilir.<\/li><li>Hastaya bak\u0131m \u00f6nerileri ayr\u0131nt\u0131l\u0131 olarak anlat\u0131l\u0131r.<\/li><\/ul>\t\t\t\t\t\t\t\t<\/div>\n\t\t\t\t<div class=\"elementor-element elementor-element-732f810 elementor-widget elementor-widget-heading\" data-id=\"732f810\" data-element_type=\"widget\" data-e-type=\"widget\" data-widget_type=\"heading.default\">\n\t\t\t\t\t<h3 class=\"elementor-heading-title elementor-size-default\">D\u00fczenli Kontroller:<\/h3>\t\t\t\t<\/div>\n\t\t\t\t<div class=\"elementor-element elementor-element-7799a7c elementor-widget elementor-widget-text-editor\" data-id=\"7799a7c\" data-element_type=\"widget\" data-e-type=\"widget\" data-settings=\"{&quot;_animation&quot;:&quot;none&quot;,&quot;_animation_delay&quot;:200}\" data-widget_type=\"text-editor.default\">\n\t\t\t\t\t\t\t\t\t<ul><li class=\"isSelectedEnd\">Belirli aral\u0131klarla kontroller yap\u0131l\u0131r.<\/li><li class=\"isSelectedEnd\">Tedavi plan\u0131 gerekti\u011finde g\u00fcncellenir.<\/li><li>Her kontrolde di\u015f hareketleri dikkatle takip edilir.<\/li><\/ul>\t\t\t\t\t\t\t\t<\/div>\n\t\t\t\t<div class=\"elementor-element elementor-element-7d32e32 elementor-widget elementor-widget-heading\" data-id=\"7d32e32\" data-element_type=\"widget\" data-e-type=\"widget\" data-widget_type=\"heading.default\">\n\t\t\t\t\t<h3 class=\"elementor-heading-title elementor-size-default\">Peki\u015ftirme (Retainer):<\/h3>\t\t\t\t<\/div>\n\t\t\t\t<div class=\"elementor-element elementor-element-00ad327 elementor-widget elementor-widget-text-editor\" data-id=\"00ad327\" data-element_type=\"widget\" data-e-type=\"widget\" data-settings=\"{&quot;_animation&quot;:&quot;none&quot;,&quot;_animation_delay&quot;:200}\" data-widget_type=\"text-editor.default\">\n\t\t\t\t\t\t\t\t\t<ul><li class=\"isSelectedEnd\">Tedavi tamamland\u0131ktan sonra retainer uygulan\u0131r.<\/li><li>B\u00f6ylece elde edilen sonu\u00e7 uzun y\u0131llar korunur.<\/li><\/ul>\t\t\t\t\t\t\t\t<\/div>\n\t\t\t\t<\/div>\n\t\t\t\t<\/div>\n\t\t<div class=\"elementor-element elementor-element-4f5431a e-con-full e-flex tmpcoder-jarallax-no tmpcoder-parallax-no tmpcoder-particle-no tmpcoder-sticky-section-no e-con e-parent\" data-id=\"4f5431a\" data-element_type=\"container\" data-e-type=\"container\">\n\t\t\t\t<div class=\"elementor-element elementor-element-6b25a9c elementor-widget elementor-widget-heading\" data-id=\"6b25a9c\" data-element_type=\"widget\" data-e-type=\"widget\" data-widget_type=\"heading.default\">\n\t\t\t\t\t<h2 class=\"elementor-heading-title elementor-size-default\">Kimler Ortodontik Tedavi Yapt\u0131rabilir?<\/h2>\t\t\t\t<\/div>\n\t\t\t\t<div class=\"elementor-element elementor-element-934deae elementor-widget elementor-widget-text-editor\" data-id=\"934deae\" data-element_type=\"widget\" data-e-type=\"widget\" data-settings=\"{&quot;_animation&quot;:&quot;none&quot;,&quot;_animation_delay&quot;:200}\" data-widget_type=\"text-editor.default\">\n\t\t\t\t\t\t\t\t\t<p class=\"isSelectedEnd\">Ortodontik tedavi;<\/p><ul data-spread=\"false\"><li>\u00c7ocuklar<\/li><li>Ergenler<\/li><li>Yeti\u015fkinler<\/li><li>Estetik g\u00fcl\u00fc\u015f isteyen bireyler<\/li><li>Kapan\u0131\u015f problemi ya\u015fayan hastalar<\/li><li>\u00c7apra\u015f\u0131k di\u015f problemi bulunan ki\u015filer<\/li><\/ul><p class=\"isSelectedEnd\">i\u00e7in uygundur.<\/p><p>Ya\u015f tek ba\u015f\u0131na engel de\u011fildir. Sa\u011fl\u0131kl\u0131 di\u015f ve di\u015f eti yap\u0131s\u0131na sahip bir\u00e7ok yeti\u015fkin ba\u015far\u0131l\u0131 sonu\u00e7lar elde edebilir.<\/p>\t\t\t\t\t\t\t\t<\/div>\n\t\t\t\t<\/div>\n\t\t<div class=\"elementor-element elementor-element-7d6ae6e e-con-full e-flex tmpcoder-jarallax-no tmpcoder-parallax-no tmpcoder-particle-no tmpcoder-sticky-section-no e-con e-parent\" data-id=\"7d6ae6e\" data-element_type=\"container\" data-e-type=\"container\">\n\t\t<div class=\"elementor-element elementor-element-d5d2b01 e-con-full e-flex tmpcoder-jarallax-no tmpcoder-parallax-no tmpcoder-particle-no tmpcoder-sticky-section-no elementor-invisible e-con e-child\" data-id=\"d5d2b01\" data-element_type=\"container\" data-e-type=\"container\" data-settings=\"{&quot;animation&quot;:&quot;fadeInLeft&quot;}\">\n\t\t\t\t<div class=\"elementor-element elementor-element-9f40268 elementor-widget elementor-widget-heading\" data-id=\"9f40268\" data-element_type=\"widget\" data-e-type=\"widget\" data-widget_type=\"heading.default\">\n\t\t\t\t\t<h2 class=\"elementor-heading-title elementor-size-default\">Neden Bursa \u0130neg\u00f6l ASDENT Di\u015f Klini\u011fi?<\/h2>\t\t\t\t<\/div>\n\t\t\t\t<div class=\"elementor-element elementor-element-7aa2d4e elementor-widget elementor-widget-text-editor\" data-id=\"7aa2d4e\" data-element_type=\"widget\" data-e-type=\"widget\" data-settings=\"{&quot;_animation&quot;:&quot;none&quot;,&quot;_animation_delay&quot;:200}\" data-widget_type=\"text-editor.default\">\n\t\t\t\t\t\t\t\t\t<p class=\"isSelectedEnd\"><strong>ASDENT Dental Klinik<\/strong>, modern ortodontik tedavilerde y\u00fcksek ba\u015far\u0131 oran\u0131na sahip deneyimli bir ekiple hizmet vermektedir.<\/p><h5><strong>Sizi Bekleyen Avantajlar:<\/strong><\/h5><ul data-spread=\"false\"><li>Uzman ortodontistler<\/li><li>Son teknoloji dijital g\u00f6r\u00fcnt\u00fcleme<\/li><li>3D a\u011f\u0131z tarama sistemleri<\/li><li>Ki\u015fiye \u00f6zel tedavi plan\u0131<\/li><li>\u015eeffaf fiyat politikas\u0131<\/li><li>Uluslararas\u0131 standartlarda hizmet<\/li><li>Sa\u011fl\u0131k turizmine uygun altyap\u0131<\/li><li>Hijyenik klinik ortam\u0131<\/li><li>Kolay ula\u015f\u0131m<\/li><li>Hasta memnuniyeti odakl\u0131 yakla\u015f\u0131m<\/li><\/ul><p>Ayr\u0131ca tedavi boyunca her a\u015famada ayr\u0131nt\u0131l\u0131 bilgilendirme yap\u0131yor, s\u00fcreci sizin i\u00e7in konforlu hale getiriyoruz.<\/p>\t\t\t\t\t\t\t\t<\/div>\n\t\t\t\t<\/div>\n\t\t\t\t<\/div>\n\t\t\t\t<section class=\"elementor-section elementor-top-section elementor-element elementor-element-7625e8bb elementor-section-full_width elementor-section-height-default elementor-section-height-default tmpcoder-jarallax-no tmpcoder-parallax-no tmpcoder-particle-no tmpcoder-sticky-section-no\" data-id=\"7625e8bb\" data-element_type=\"section\" data-e-type=\"section\">\n\t\t\t\t\t\t<div class=\"elementor-container elementor-column-gap-default\">\n\t\t\t\t\t<div class=\"elementor-column elementor-col-100 elementor-top-column elementor-element elementor-element-7aa2e705 elementor-invisible\" data-id=\"7aa2e705\" data-element_type=\"column\" data-e-type=\"column\" data-settings=\"{&quot;animation&quot;:&quot;fadeInUp&quot;}\">\n\t\t\t<div class=\"elementor-widget-wrap elementor-element-populated\">\n\t\t\t\t\t\t<div class=\"elementor-element elementor-element-202b5c2e elementor-widget elementor-widget-heading\" data-id=\"202b5c2e\" data-element_type=\"widget\" data-e-type=\"widget\" data-widget_type=\"heading.default\">\n\t\t\t\t\t<h2 class=\"elementor-heading-title elementor-size-default\">Di\u015f Teli ve \u015eefaf Plak Uygulamalar\u0131 Hakk\u0131nda S\u0131k\u00e7a Sorulan Sorular (SSS)<\/h2>\t\t\t\t<\/div>\n\t\t\t\t<div class=\"elementor-element elementor-element-e5f8f32 tmpcoder-advanced-accordion-icon-no-box elementor-invisible elementor-widget elementor-widget-tmpcoder-advanced-accordion\" data-id=\"e5f8f32\" data-element_type=\"widget\" data-e-type=\"widget\" data-settings=\"{&quot;_animation&quot;:&quot;fadeIn&quot;,&quot;active_item&quot;:1}\" data-widget_type=\"tmpcoder-advanced-accordion.default\">\n\t\t\t\t<div class=\"elementor-widget-container\">\n\t\t\t\t\t\n            <div class=\"tmpcoder-advanced-accordion\" data-accordion-type=\"accordion\" data-active-index=\"1\" data-accordion-trigger=\"click\" data-interaction-speed=\"0.4\">\n\t\t\t\n                \n\t\t\t\t\t<div class=\"tmpcoder-accordion-item-wrap\">\n\t\t\t\t\t\t<button class=\"tmpcoder-acc-button\">\n\t\t\t\t\t\t\t<span class=\"tmpcoder-acc-item-title\">\n\t\t\t\t\t\t\t\t\t\t\t\t<span class=\"tmpcoder-title-icon\">\n\t\t\t\t\t\t\t\t\t<\/span>\n\t\t\t\n\t\t\t\t\t\t\t\t<span class=\"tmpcoder-acc-title-text\">Ortodontik tedavi i\u00e7in en uygun ya\u015f nedir?<\/span>\n\t\t\t\t\t\t\t<\/span>\n\t\t\t\t\t\t\t\t\t\t\t<span class=\"tmpcoder-toggle-icon tmpcoder-ti-close\"><svg aria-hidden=\"true\" class=\"e-font-icon-svg e-fas-plus\" viewBox=\"0 0 448 512\" xmlns=\"http:\/\/www.w3.org\/2000\/svg\"><path d=\"M416 208H272V64c0-17.67-14.33-32-32-32h-32c-17.67 0-32 14.33-32 32v144H32c-17.67 0-32 14.33-32 32v32c0 17.67 14.33 32 32 32h144v144c0 17.67 14.33 32 32 32h32c17.67 0 32-14.33 32-32V304h144c17.67 0 32-14.33 32-32v-32c0-17.67-14.33-32-32-32z\"><\/path><\/svg><\/span>\n\t\t\t\t<span class=\"tmpcoder-toggle-icon tmpcoder-ti-open\"><svg aria-hidden=\"true\" class=\"e-font-icon-svg e-fas-minus\" viewBox=\"0 0 448 512\" xmlns=\"http:\/\/www.w3.org\/2000\/svg\"><path d=\"M416 208H32c-17.67 0-32 14.33-32 32v32c0 17.67 14.33 32 32 32h384c17.67 0 32-14.33 32-32v-32c0-17.67-14.33-32-32-32z\"><\/path><\/svg><\/span>\n\t\t\t\t\t\t\t\t\t<\/button>\n\n\t\t\t\t\t\t<div class=\"tmpcoder-acc-panel\">\n\t\t\t\t\t\t\t\t\t\t\t\t\t\t\t<div class=\"tmpcoder-acc-panel-content\"><p>Ortodontik tedavi her ya\u015fta yap\u0131labilir, ancak ideal zaman \u00e7ene hala b\u00fcy\u00fcrken ergenlik d\u00f6nemidir. Bununla birlikte, yeti\u015fkinler de m\u00fckemmel sonu\u00e7lar alabilir.<\/p><\/div>\n\t\t\t\t\t\t\t\t\t\t\t\t\t<\/div>\n                    <\/div>\n\n                \n\t\t\t\t\t<div class=\"tmpcoder-accordion-item-wrap\">\n\t\t\t\t\t\t<button class=\"tmpcoder-acc-button\">\n\t\t\t\t\t\t\t<span class=\"tmpcoder-acc-item-title\">\n\t\t\t\t\t\t\t\t\t\t\t\t<span class=\"tmpcoder-title-icon\">\n\t\t\t\t\t\t\t\t\t<\/span>\n\t\t\t\n\t\t\t\t\t\t\t\t<span class=\"tmpcoder-acc-title-text\">Ortodontik tedavi ne kadar s\u00fcrer?<\/span>\n\t\t\t\t\t\t\t<\/span>\n\t\t\t\t\t\t\t\t\t\t\t<span class=\"tmpcoder-toggle-icon tmpcoder-ti-close\"><svg aria-hidden=\"true\" class=\"e-font-icon-svg e-fas-plus\" viewBox=\"0 0 448 512\" xmlns=\"http:\/\/www.w3.org\/2000\/svg\"><path d=\"M416 208H272V64c0-17.67-14.33-32-32-32h-32c-17.67 0-32 14.33-32 32v144H32c-17.67 0-32 14.33-32 32v32c0 17.67 14.33 32 32 32h144v144c0 17.67 14.33 32 32 32h32c17.67 0 32-14.33 32-32V304h144c17.67 0 32-14.33 32-32v-32c0-17.67-14.33-32-32-32z\"><\/path><\/svg><\/span>\n\t\t\t\t<span class=\"tmpcoder-toggle-icon tmpcoder-ti-open\"><svg aria-hidden=\"true\" class=\"e-font-icon-svg e-fas-minus\" viewBox=\"0 0 448 512\" xmlns=\"http:\/\/www.w3.org\/2000\/svg\"><path d=\"M416 208H32c-17.67 0-32 14.33-32 32v32c0 17.67 14.33 32 32 32h384c17.67 0 32-14.33 32-32v-32c0-17.67-14.33-32-32-32z\"><\/path><\/svg><\/span>\n\t\t\t\t\t\t\t\t\t<\/button>\n\n\t\t\t\t\t\t<div class=\"tmpcoder-acc-panel\">\n\t\t\t\t\t\t\t\t\t\t\t\t\t\t\t<div class=\"tmpcoder-acc-panel-content\"><p>Tedavi s\u00fcresi, vakan\u0131n karma\u015f\u0131kl\u0131\u011f\u0131na g\u00f6re de\u011fi\u015fir, ancak \u00e7o\u011fu tedavi 12-24 ay s\u00fcrer.<\/p><\/div>\n\t\t\t\t\t\t\t\t\t\t\t\t\t<\/div>\n                    <\/div>\n\n                \n\t\t\t\t\t<div class=\"tmpcoder-accordion-item-wrap\">\n\t\t\t\t\t\t<button class=\"tmpcoder-acc-button\">\n\t\t\t\t\t\t\t<span class=\"tmpcoder-acc-item-title\">\n\t\t\t\t\t\t\t\t\t\t\t\t<span class=\"tmpcoder-title-icon\">\n\t\t\t\t\t\t\t\t\t<\/span>\n\t\t\t\n\t\t\t\t\t\t\t\t<span class=\"tmpcoder-acc-title-text\">Di\u015f teli uygulamas\u0131 a\u011fr\u0131l\u0131 m\u0131d\u0131r?<\/span>\n\t\t\t\t\t\t\t<\/span>\n\t\t\t\t\t\t\t\t\t\t\t<span class=\"tmpcoder-toggle-icon tmpcoder-ti-close\"><svg aria-hidden=\"true\" class=\"e-font-icon-svg e-fas-plus\" viewBox=\"0 0 448 512\" xmlns=\"http:\/\/www.w3.org\/2000\/svg\"><path d=\"M416 208H272V64c0-17.67-14.33-32-32-32h-32c-17.67 0-32 14.33-32 32v144H32c-17.67 0-32 14.33-32 32v32c0 17.67 14.33 32 32 32h144v144c0 17.67 14.33 32 32 32h32c17.67 0 32-14.33 32-32V304h144c17.67 0 32-14.33 32-32v-32c0-17.67-14.33-32-32-32z\"><\/path><\/svg><\/span>\n\t\t\t\t<span class=\"tmpcoder-toggle-icon tmpcoder-ti-open\"><svg aria-hidden=\"true\" class=\"e-font-icon-svg e-fas-minus\" viewBox=\"0 0 448 512\" xmlns=\"http:\/\/www.w3.org\/2000\/svg\"><path d=\"M416 208H32c-17.67 0-32 14.33-32 32v32c0 17.67 14.33 32 32 32h384c17.67 0 32-14.33 32-32v-32c0-17.67-14.33-32-32-32z\"><\/path><\/svg><\/span>\n\t\t\t\t\t\t\t\t\t<\/button>\n\n\t\t\t\t\t\t<div class=\"tmpcoder-acc-panel\">\n\t\t\t\t\t\t\t\t\t\t\t\t\t\t\t<div class=\"tmpcoder-acc-panel-content\"><p>Di\u015f telleri tak\u0131ld\u0131ktan veya ayarland\u0131ktan sonra hafif bir rahats\u0131zl\u0131k hissedebilirsiniz, ancak bu ge\u00e7icidir ve a\u011fr\u0131 kesicilerle y\u00f6netilebilir.<\/p><\/div>\n\t\t\t\t\t\t\t\t\t\t\t\t\t<\/div>\n                    <\/div>\n\n                \n\t\t\t\t\t<div class=\"tmpcoder-accordion-item-wrap\">\n\t\t\t\t\t\t<button class=\"tmpcoder-acc-button\">\n\t\t\t\t\t\t\t<span class=\"tmpcoder-acc-item-title\">\n\t\t\t\t\t\t\t\t\t\t\t\t<span class=\"tmpcoder-title-icon\">\n\t\t\t\t\t\t\t\t\t<\/span>\n\t\t\t\n\t\t\t\t\t\t\t\t<span class=\"tmpcoder-acc-title-text\">Di\u015f telleriyle normal yemek yiyebilir miyim?<\/span>\n\t\t\t\t\t\t\t<\/span>\n\t\t\t\t\t\t\t\t\t\t\t<span class=\"tmpcoder-toggle-icon tmpcoder-ti-close\"><svg aria-hidden=\"true\" class=\"e-font-icon-svg e-fas-plus\" viewBox=\"0 0 448 512\" xmlns=\"http:\/\/www.w3.org\/2000\/svg\"><path d=\"M416 208H272V64c0-17.67-14.33-32-32-32h-32c-17.67 0-32 14.33-32 32v144H32c-17.67 0-32 14.33-32 32v32c0 17.67 14.33 32 32 32h144v144c0 17.67 14.33 32 32 32h32c17.67 0 32-14.33 32-32V304h144c17.67 0 32-14.33 32-32v-32c0-17.67-14.33-32-32-32z\"><\/path><\/svg><\/span>\n\t\t\t\t<span class=\"tmpcoder-toggle-icon tmpcoder-ti-open\"><svg aria-hidden=\"true\" class=\"e-font-icon-svg e-fas-minus\" viewBox=\"0 0 448 512\" xmlns=\"http:\/\/www.w3.org\/2000\/svg\"><path d=\"M416 208H32c-17.67 0-32 14.33-32 32v32c0 17.67 14.33 32 32 32h384c17.67 0 32-14.33 32-32v-32c0-17.67-14.33-32-32-32z\"><\/path><\/svg><\/span>\n\t\t\t\t\t\t\t\t\t<\/button>\n\n\t\t\t\t\t\t<div class=\"tmpcoder-acc-panel\">\n\t\t\t\t\t\t\t\t\t\t\t\t\t\t\t<div class=\"tmpcoder-acc-panel-content\"><p>Evet, ancak di\u015f tellerine zarar verebilecek sert, yap\u0131\u015fkan veya \u00e7i\u011fnenmesi zor g\u0131dalardan ka\u00e7\u0131nmal\u0131s\u0131n\u0131z. \u015eeffaf plaklar yemek yerken \u00e7\u0131kar\u0131labilir.<\/p><\/div>\n\t\t\t\t\t\t\t\t\t\t\t\t\t<\/div>\n                    <\/div>\n\n                \n\t\t\t\t\t<div class=\"tmpcoder-accordion-item-wrap\">\n\t\t\t\t\t\t<button class=\"tmpcoder-acc-button\">\n\t\t\t\t\t\t\t<span class=\"tmpcoder-acc-item-title\">\n\t\t\t\t\t\t\t\t\t\t\t\t<span class=\"tmpcoder-title-icon\">\n\t\t\t\t\t\t\t\t\t<\/span>\n\t\t\t\n\t\t\t\t\t\t\t\t<span class=\"tmpcoder-acc-title-text\">\u015eeffaf plaklar di\u015f telleri kadar etkili midir?<\/span>\n\t\t\t\t\t\t\t<\/span>\n\t\t\t\t\t\t\t\t\t\t\t<span class=\"tmpcoder-toggle-icon tmpcoder-ti-close\"><svg aria-hidden=\"true\" class=\"e-font-icon-svg e-fas-plus\" viewBox=\"0 0 448 512\" xmlns=\"http:\/\/www.w3.org\/2000\/svg\"><path d=\"M416 208H272V64c0-17.67-14.33-32-32-32h-32c-17.67 0-32 14.33-32 32v144H32c-17.67 0-32 14.33-32 32v32c0 17.67 14.33 32 32 32h144v144c0 17.67 14.33 32 32 32h32c17.67 0 32-14.33 32-32V304h144c17.67 0 32-14.33 32-32v-32c0-17.67-14.33-32-32-32z\"><\/path><\/svg><\/span>\n\t\t\t\t<span class=\"tmpcoder-toggle-icon tmpcoder-ti-open\"><svg aria-hidden=\"true\" class=\"e-font-icon-svg e-fas-minus\" viewBox=\"0 0 448 512\" xmlns=\"http:\/\/www.w3.org\/2000\/svg\"><path d=\"M416 208H32c-17.67 0-32 14.33-32 32v32c0 17.67 14.33 32 32 32h384c17.67 0 32-14.33 32-32v-32c0-17.67-14.33-32-32-32z\"><\/path><\/svg><\/span>\n\t\t\t\t\t\t\t\t\t<\/button>\n\n\t\t\t\t\t\t<div class=\"tmpcoder-acc-panel\">\n\t\t\t\t\t\t\t\t\t\t\t\t\t\t\t<div class=\"tmpcoder-acc-panel-content\"><p>\u015eeffaf plaklar, hafif ve orta dereceli \u00e7apra\u015f\u0131kl\u0131klar i\u00e7in etkilidir. Karma\u015f\u0131k vakalarda geleneksel di\u015f telleri daha uygun olabilir.<\/p><\/div>\n\t\t\t\t\t\t\t\t\t\t\t\t\t<\/div>\n                    <\/div>\n\n                \n\t\t\t\t\t<div class=\"tmpcoder-accordion-item-wrap\">\n\t\t\t\t\t\t<button class=\"tmpcoder-acc-button\">\n\t\t\t\t\t\t\t<span class=\"tmpcoder-acc-item-title\">\n\t\t\t\t\t\t\t\t\t\t\t\t<span class=\"tmpcoder-title-icon\">\n\t\t\t\t\t\t\t\t\t<\/span>\n\t\t\t\n\t\t\t\t\t\t\t\t<span class=\"tmpcoder-acc-title-text\">Bursa \u0130neg\u00f6l ASDENT Di\u015f Klini\u011finde ortodontik tedavi maliyeti nedir?<\/span>\n\t\t\t\t\t\t\t<\/span>\n\t\t\t\t\t\t\t\t\t\t\t<span class=\"tmpcoder-toggle-icon tmpcoder-ti-close\"><svg aria-hidden=\"true\" class=\"e-font-icon-svg e-fas-plus\" viewBox=\"0 0 448 512\" xmlns=\"http:\/\/www.w3.org\/2000\/svg\"><path d=\"M416 208H272V64c0-17.67-14.33-32-32-32h-32c-17.67 0-32 14.33-32 32v144H32c-17.67 0-32 14.33-32 32v32c0 17.67 14.33 32 32 32h144v144c0 17.67 14.33 32 32 32h32c17.67 0 32-14.33 32-32V304h144c17.67 0 32-14.33 32-32v-32c0-17.67-14.33-32-32-32z\"><\/path><\/svg><\/span>\n\t\t\t\t<span class=\"tmpcoder-toggle-icon tmpcoder-ti-open\"><svg aria-hidden=\"true\" class=\"e-font-icon-svg e-fas-minus\" viewBox=\"0 0 448 512\" xmlns=\"http:\/\/www.w3.org\/2000\/svg\"><path d=\"M416 208H32c-17.67 0-32 14.33-32 32v32c0 17.67 14.33 32 32 32h384c17.67 0 32-14.33 32-32v-32c0-17.67-14.33-32-32-32z\"><\/path><\/svg><\/span>\n\t\t\t\t\t\t\t\t\t<\/button>\n\n\t\t\t\t\t\t<div class=\"tmpcoder-acc-panel\">\n\t\t\t\t\t\t\t\t\t\t\t\t\t\t\t<div class=\"tmpcoder-acc-panel-content\"><p>Maliyet, tedavi t\u00fcr\u00fc ve vakan\u0131n karma\u015f\u0131kl\u0131\u011f\u0131na g\u00f6re de\u011fi\u015fir.\u00a0<\/p><\/div>\n\t\t\t\t\t\t\t\t\t\t\t\t\t<\/div>\n                    <\/div>\n\n                            <\/div>\n\n\t\t\t        \t\t\t\t<\/div>\n\t\t\t\t<\/div>\n\t\t\t\t<div class=\"elementor-element elementor-element-d4f01b9 elementor-widget elementor-widget-heading\" data-id=\"d4f01b9\" data-element_type=\"widget\" data-e-type=\"widget\" data-widget_type=\"heading.default\">\n\t\t\t\t\t<h2 class=\"elementor-heading-title elementor-size-default\">Bursa \u0130neg\u00f6l'de ASDENT Di\u015f Klini\u011fi Ziyaret Ediniz!<\/h2>\t\t\t\t<\/div>\n\t\t\t\t<div class=\"elementor-element elementor-element-4e693d66 elementor-widget elementor-widget-text-editor\" data-id=\"4e693d66\" data-element_type=\"widget\" data-e-type=\"widget\" data-settings=\"{&quot;_animation&quot;:&quot;none&quot;,&quot;_animation_delay&quot;:200}\" data-widget_type=\"text-editor.default\">\n\t\t\t\t\t\t\t\t\t<p>E\u011fer ortodontik di\u015f teli ve \u015fefaf plak uygulamalar\u0131 ile g\u00fcl\u00fc\u015f\u00fcn\u00fcz\u00fc de\u011fi\u015ftirmeye haz\u0131rsan\u0131z, ASDENT Di\u015f Klini\u011fi olarak Bursa, \u0130neg\u00f6l&#8217;de yan\u0131n\u0131zday\u0131z. Uzman ortodontistlerimiz, ileri teknolojimiz ve uygun fiyatlar\u0131m\u0131z ile hem yerel hem de uluslararas\u0131 hastalar i\u00e7in tercih edilen bir klinik olmaktan gurur duyuyoruz. \u0130ster geleneksel di\u015f tellerini, ister \u015feffaf plaklar\u0131 d\u00fc\u015f\u00fcn\u00fcn, size ola\u011fan\u00fcst\u00fc bir bak\u0131m ve etkileyici sonu\u00e7lar sunmak i\u00e7in buraday\u0131z. Daha sa\u011fl\u0131kl\u0131 ve \u00f6zg\u00fcven dolu bir g\u00fcl\u00fc\u015fe ad\u0131m atmak i\u00e7in hemen bizimle ileti\u015fime ge\u00e7in ve randevunuzu planlay\u0131n! \ud83d\ude0a<\/p>\t\t\t\t\t\t\t\t<\/div>\n\t\t\t\t<div class=\"elementor-element elementor-element-65c18a9 tmpcoder-stt-btn-align-fixed tmpcoder-stt-btn-align-fixed-right elementor-widget elementor-widget-tmpcoder-back-to-top\" data-id=\"65c18a9\" data-element_type=\"widget\" data-e-type=\"widget\" data-widget_type=\"tmpcoder-back-to-top.default\">\n\t\t\t\t<div class=\"elementor-widget-container\">\n\t\t\t\t\t<div class=\"tmpcoder-stt-wrapper\"><div class='tmpcoder-stt-btn' data-settings='{\"animation\":\"fade\",\"animationOffset\":0,\"animationDuration\":200,\"fixed\":\"fixed\",\"scrolAnim\":800}'><span class=\"tmpcoder-stt-icon\"><svg class=\"e-font-icon-svg e-fas-chevron-up\" viewBox=\"0 0 448 512\" xmlns=\"http:\/\/www.w3.org\/2000\/svg\"><path d=\"M240.971 130.524l194.343 194.343c9.373 9.373 9.373 24.569 0 33.941l-22.667 22.667c-9.357 9.357-24.522 9.375-33.901.04L224 227.495 69.255 381.516c-9.379 9.335-24.544 9.317-33.901-.04l-22.667-22.667c-9.373-9.373-9.373-24.569 0-33.941L207.03 130.525c9.372-9.373 24.568-9.373 33.941-.001z\"><\/path><\/svg><\/span><\/div><\/div>\t\t\t\t<\/div>\n\t\t\t\t<\/div>\n\t\t\t\t\t<\/div>\n\t\t<\/div>\n\t\t\t\t\t<\/div>\n\t\t<\/section>\n\t\t\t\t<\/div>\n\t\t","protected":false},"excerpt":{"rendered":"<p>Ortodonti (Di\u015f Teli ve \u015eeffaf Plaklar) Ortodonti Di\u015f Teli ve \u015eeffaf Plak Tedavisi | ASDENT Di\u015f Klini\u011fi Bursa \u0130neg\u00f6l Ortodonti Di\u015f Teli tedavisi, \u00e7apra\u015f\u0131k di\u015fleri d\u00fczeltmek, kapan\u0131\u015f bozukluklar\u0131n\u0131 gidermek ve estetik bir g\u00fcl\u00fc\u015f olu\u015fturmak isteyen hastalar i\u00e7in en etkili \u00e7\u00f6z\u00fcmlerden biridir. ASDENT Di\u015f Klini\u011fi olarak Bursa \u0130neg\u00f6l&#8217;de modern \u015feffaf plak tedavisi, geleneksel di\u015f telleri ve [&hellip;]<\/p>\n","protected":false},"author":1,"featured_media":0,"parent":0,"menu_order":0,"comment_status":"closed","ping_status":"closed","template":"","meta":{"footnotes":""},"class_list":["post-3438","page","type-page","status-publish","hentry"],"yoast_head":"<!-- This site is optimized with the Yoast SEO Premium plugin v27.8 (Yoast SEO v28.1) - https:\/\/yoast.com\/product\/yoast-seo-premium-wordpress\/ -->\n<title>Ortodonti Di\u015f Teli | Bursa \u0130neg\u00f6l ASDENT \u015eeffaf Plak Tedavisi<\/title>\n<meta name=\"description\" content=\"Ortodonti Di\u015f Teli tedavisi ile sa\u011fl\u0131kl\u0131 ve estetik g\u00fcl\u00fc\u015flere kavu\u015fun. Bursa \u0130neg\u00f6l ASDENT&#039;te \u015feffaf plak se\u00e7eneklerini ke\u015ffedin !\" \/>\n<meta name=\"robots\" content=\"index, follow, max-snippet:-1, max-image-preview:large, max-video-preview:-1\" \/>\n<link rel=\"canonical\" href=\"https:\/\/asdent.tr\/tr\/ortodonti-dis-teli-ve-seffaf-plaklar\/\" \/>\n<meta property=\"og:locale\" content=\"tr_TR\" \/>\n<meta property=\"og:type\" content=\"article\" \/>\n<meta property=\"og:title\" content=\"Ortodonti (Di\u015f Teli ve \u015eeffaf Plaklar)\" \/>\n<meta property=\"og:description\" content=\"ASDENT Di\u015f Klini\u011fi, Bursa \u0130neg\u00f6l&#039;de metal di\u015f teli, seramik braket, lingual ortodonti ve Invisalign \u015feffaf plak tedavileriyle \u00e7ocuklar ve yeti\u015fkinlere ki\u015fiye \u00f6zel ortodontik \u00e7\u00f6z\u00fcmler sunar. Uzman ortodontistlerimiz, dijital planlama teknolojileri ve hasta odakl\u0131 yakla\u015f\u0131m\u0131m\u0131z sayesinde estetik, fonksiyonel ve uzun \u00f6m\u00fcrl\u00fc sonu\u00e7lar elde etmenizi sa\u011flar.\" \/>\n<meta property=\"og:url\" content=\"https:\/\/asdent.tr\/tr\/ortodonti-dis-teli-ve-seffaf-plaklar\/\" \/>\n<meta property=\"og:site_name\" content=\"\u00d6zel Asdent A\u011f\u0131z ve Di\u015f Sa\u011fl\u0131\u011f\u0131 Klini\u011fi Bursa \u0130neg\u00f6l\" \/>\n<meta property=\"article:publisher\" content=\"https:\/\/www.facebook.com\/share\/1A6ebkSjr7\/?mibextid=wwXIfr\" \/>\n<meta property=\"article:modified_time\" content=\"2026-07-02T11:52:29+00:00\" \/>\n<meta property=\"og:image\" content=\"https:\/\/asdent.tr\/tr\/wp-content\/uploads\/sites\/2\/2025\/09\/Bursa-Inegol-ASDENT-Dis-klinigi-Ortodonti-dis-teli-ve-sefaf-olak-uygulamalari-1-2.webp\" \/>\n<meta name=\"twitter:card\" content=\"summary_large_image\" \/>\n<meta name=\"twitter:description\" content=\"ASDENT Di\u015f Klini\u011fi, Bursa \u0130neg\u00f6l&#039;de metal di\u015f teli, seramik braket, lingual ortodonti ve Invisalign \u015feffaf plak tedavileriyle \u00e7ocuklar ve yeti\u015fkinlere ki\u015fiye \u00f6zel ortodontik \u00e7\u00f6z\u00fcmler sunar. Uzman ortodontistlerimiz, dijital planlama teknolojileri ve hasta odakl\u0131 yakla\u015f\u0131m\u0131m\u0131z sayesinde estetik, fonksiyonel ve uzun \u00f6m\u00fcrl\u00fc sonu\u00e7lar elde etmenizi sa\u011flar.\" \/>\n<meta name=\"twitter:label1\" content=\"Tahmini okuma s\u00fcresi\" \/>\n\t<meta name=\"twitter:data1\" content=\"6 dakika\" \/>\n<script type=\"application\/ld+json\" class=\"yoast-schema-graph\">{\"@context\":\"https:\\\/\\\/schema.org\",\"@graph\":[{\"@type\":\"WebPage\",\"@id\":\"https:\\\/\\\/asdent.tr\\\/tr\\\/ortodonti-dis-teli-ve-seffaf-plaklar\\\/\",\"url\":\"https:\\\/\\\/asdent.tr\\\/tr\\\/ortodonti-dis-teli-ve-seffaf-plaklar\\\/\",\"name\":\"Ortodonti Di\u015f Teli | Bursa \u0130neg\u00f6l ASDENT \u015eeffaf Plak Tedavisi\",\"isPartOf\":{\"@id\":\"https:\\\/\\\/asdent.tr\\\/tr\\\/#website\"},\"primaryImageOfPage\":{\"@id\":\"https:\\\/\\\/asdent.tr\\\/tr\\\/ortodonti-dis-teli-ve-seffaf-plaklar\\\/#primaryimage\"},\"image\":{\"@id\":\"https:\\\/\\\/asdent.tr\\\/tr\\\/ortodonti-dis-teli-ve-seffaf-plaklar\\\/#primaryimage\"},\"thumbnailUrl\":\"https:\\\/\\\/asdent.tr\\\/tr\\\/wp-content\\\/uploads\\\/sites\\\/2\\\/2025\\\/09\\\/Bursa-Inegol-ASDENT-Dis-klinigi-Ortodonti-dis-teli-ve-sefaf-olak-uygulamalari-1-2.webp\",\"datePublished\":\"2025-09-10T13:22:29+00:00\",\"dateModified\":\"2026-07-02T11:52:29+00:00\",\"description\":\"Ortodonti Di\u015f Teli tedavisi ile sa\u011fl\u0131kl\u0131 ve estetik g\u00fcl\u00fc\u015flere kavu\u015fun. Bursa \u0130neg\u00f6l ASDENT'te \u015feffaf plak se\u00e7eneklerini ke\u015ffedin !\",\"breadcrumb\":{\"@id\":\"https:\\\/\\\/asdent.tr\\\/tr\\\/ortodonti-dis-teli-ve-seffaf-plaklar\\\/#breadcrumb\"},\"inLanguage\":\"tr\",\"potentialAction\":[{\"@type\":\"ReadAction\",\"target\":[\"https:\\\/\\\/asdent.tr\\\/tr\\\/ortodonti-dis-teli-ve-seffaf-plaklar\\\/\"]}]},{\"@type\":\"ImageObject\",\"inLanguage\":\"tr\",\"@id\":\"https:\\\/\\\/asdent.tr\\\/tr\\\/ortodonti-dis-teli-ve-seffaf-plaklar\\\/#primaryimage\",\"url\":\"https:\\\/\\\/asdent.tr\\\/tr\\\/wp-content\\\/uploads\\\/sites\\\/2\\\/2025\\\/09\\\/Bursa-Inegol-ASDENT-Dis-klinigi-Ortodonti-dis-teli-ve-sefaf-olak-uygulamalari-1-2.webp\",\"contentUrl\":\"https:\\\/\\\/asdent.tr\\\/tr\\\/wp-content\\\/uploads\\\/sites\\\/2\\\/2025\\\/09\\\/Bursa-Inegol-ASDENT-Dis-klinigi-Ortodonti-dis-teli-ve-sefaf-olak-uygulamalari-1-2.webp\",\"width\":1200,\"height\":675,\"caption\":\"Bursa \u0130neg\u00f6l ASDENT Di\u015f klini\u011fi Ortodonti di\u015f teli ve \u015fefaf olak uygulamalar\u0131 1\"},{\"@type\":\"BreadcrumbList\",\"@id\":\"https:\\\/\\\/asdent.tr\\\/tr\\\/ortodonti-dis-teli-ve-seffaf-plaklar\\\/#breadcrumb\",\"itemListElement\":[{\"@type\":\"ListItem\",\"position\":1,\"name\":\"Home\",\"item\":\"https:\\\/\\\/asdent.tr\\\/tr\\\/\"},{\"@type\":\"ListItem\",\"position\":2,\"name\":\"Ortodonti (Di\u015f Teli ve \u015eeffaf Plaklar)\"}]},{\"@type\":\"WebSite\",\"@id\":\"https:\\\/\\\/asdent.tr\\\/tr\\\/#website\",\"url\":\"https:\\\/\\\/asdent.tr\\\/tr\\\/\",\"name\":\"\u00d6zel Asdent A\u011f\u0131z ve Di\u015f Sa\u011fl\u0131\u011f\u0131 Klini\u011fi Bursa \u0130neg\u00f6l\",\"description\":\"Sa\u011fl\u0131kl\u0131 Di\u015fler, Mutlu G\u00fcl\u00fcmsemeler! ASDENT Di\u015f klini\u011fi \u0130neg\u00f6l Bursa\",\"publisher\":{\"@id\":\"https:\\\/\\\/asdent.tr\\\/tr\\\/#organization\"},\"potentialAction\":[{\"@type\":\"SearchAction\",\"target\":{\"@type\":\"EntryPoint\",\"urlTemplate\":\"https:\\\/\\\/asdent.tr\\\/tr\\\/?s={search_term_string}\"},\"query-input\":{\"@type\":\"PropertyValueSpecification\",\"valueRequired\":true,\"valueName\":\"search_term_string\"}}],\"inLanguage\":\"tr\"},{\"@type\":\"Organization\",\"@id\":\"https:\\\/\\\/asdent.tr\\\/tr\\\/#organization\",\"name\":\"\u00d6ZEL ASDENT A\u011eIZ VE D\u0130\u015e SA\u011eLI\u011eI POL\u0130KL\u0130N\u0130\u011e\u0130\",\"alternateName\":\"\u0130NEG\u00d6L \u00d6ZEL ASDENT A\u011eIZ VE D\u0130\u015e SA\u011eLI\u011eI POL\u0130KL\u0130N\u0130\u011e\u0130\",\"url\":\"https:\\\/\\\/asdent.tr\\\/tr\\\/\",\"logo\":{\"@type\":\"ImageObject\",\"inLanguage\":\"tr\",\"@id\":\"https:\\\/\\\/asdent.tr\\\/tr\\\/#\\\/schema\\\/logo\\\/image\\\/\",\"url\":\"https:\\\/\\\/asdent.tr\\\/tr\\\/wp-content\\\/uploads\\\/sites\\\/2\\\/2025\\\/08\\\/asdent-logo-png8.png\",\"contentUrl\":\"https:\\\/\\\/asdent.tr\\\/tr\\\/wp-content\\\/uploads\\\/sites\\\/2\\\/2025\\\/08\\\/asdent-logo-png8.png\",\"width\":528,\"height\":311,\"caption\":\"\u00d6ZEL ASDENT A\u011eIZ VE D\u0130\u015e SA\u011eLI\u011eI POL\u0130KL\u0130N\u0130\u011e\u0130\"},\"image\":{\"@id\":\"https:\\\/\\\/asdent.tr\\\/tr\\\/#\\\/schema\\\/logo\\\/image\\\/\"},\"sameAs\":[\"https:\\\/\\\/www.facebook.com\\\/share\\\/1A6ebkSjr7\\\/?mibextid=wwXIfr\"],\"description\":\"\u0130NEG\u00d6L \u00d6ZEL ASDENT A\u011eIZ VE D\u0130\u015e SA\u011eLI\u011eI POL\u0130KL\u0130N\u0130\u011e\u0130, modern teknolojilerle donat\u0131lm\u0131\u015f, uzman hekim kadrosu ve hasta odakl\u0131 yakla\u015f\u0131m\u0131yla a\u011f\u0131z ve di\u015f sa\u011fl\u0131\u011f\u0131n\u0131z i\u00e7in g\u00fcvenilir \u00e7\u00f6z\u00fcmler sunmaktad\u0131r. Klini\u011fimizde estetik di\u015f hekimli\u011fi, implant, ortodonti, protez, \u00e7ocuk di\u015f sa\u011fl\u0131\u011f\u0131 ve koruyucu di\u015f tedavileri alan\u0131nda kapsaml\u0131 hizmetler verilmektedir. Sa\u011fl\u0131kl\u0131 ve estetik g\u00fcl\u00fc\u015fler i\u00e7in \u0130neg\u00f6l\u2019de yan\u0131n\u0131zday\u0131z.\",\"email\":\"info@asdent.tr\",\"telephone\":\"+90 224 713 37 70\",\"legalName\":\"\u00d6ZEL ASDENT A\u011eIZ VE D\u0130\u015e SA\u011eLI\u011eI POL\u0130KL\u0130N\u0130\u011e\u0130\",\"foundingDate\":\"2015-10-20\",\"numberOfEmployees\":{\"@type\":\"QuantitativeValue\",\"minValue\":\"11\",\"maxValue\":\"50\"}}]}<\/script>\n<!-- \/ Yoast SEO Premium plugin. -->","yoast_head_json":{"title":"Ortodonti Di\u015f Teli | Bursa \u0130neg\u00f6l ASDENT \u015eeffaf Plak Tedavisi","description":"Ortodonti Di\u015f Teli tedavisi ile sa\u011fl\u0131kl\u0131 ve estetik g\u00fcl\u00fc\u015flere kavu\u015fun. Bursa \u0130neg\u00f6l ASDENT'te \u015feffaf plak se\u00e7eneklerini ke\u015ffedin !","robots":{"index":"index","follow":"follow","max-snippet":"max-snippet:-1","max-image-preview":"max-image-preview:large","max-video-preview":"max-video-preview:-1"},"canonical":"https:\/\/asdent.tr\/tr\/ortodonti-dis-teli-ve-seffaf-plaklar\/","og_locale":"tr_TR","og_type":"article","og_title":"Ortodonti (Di\u015f Teli ve \u015eeffaf Plaklar)","og_description":"ASDENT Di\u015f Klini\u011fi, Bursa \u0130neg\u00f6l'de metal di\u015f teli, seramik braket, lingual ortodonti ve Invisalign \u015feffaf plak tedavileriyle \u00e7ocuklar ve yeti\u015fkinlere ki\u015fiye \u00f6zel ortodontik \u00e7\u00f6z\u00fcmler sunar. Uzman ortodontistlerimiz, dijital planlama teknolojileri ve hasta odakl\u0131 yakla\u015f\u0131m\u0131m\u0131z sayesinde estetik, fonksiyonel ve uzun \u00f6m\u00fcrl\u00fc sonu\u00e7lar elde etmenizi sa\u011flar.","og_url":"https:\/\/asdent.tr\/tr\/ortodonti-dis-teli-ve-seffaf-plaklar\/","og_site_name":"\u00d6zel Asdent A\u011f\u0131z ve Di\u015f Sa\u011fl\u0131\u011f\u0131 Klini\u011fi Bursa \u0130neg\u00f6l","article_publisher":"https:\/\/www.facebook.com\/share\/1A6ebkSjr7\/?mibextid=wwXIfr","article_modified_time":"2026-07-02T11:52:29+00:00","og_image":[{"url":"https:\/\/asdent.tr\/tr\/wp-content\/uploads\/sites\/2\/2025\/09\/Bursa-Inegol-ASDENT-Dis-klinigi-Ortodonti-dis-teli-ve-sefaf-olak-uygulamalari-1-2.webp","type":"","width":"","height":""}],"twitter_card":"summary_large_image","twitter_description":"ASDENT Di\u015f Klini\u011fi, Bursa \u0130neg\u00f6l'de metal di\u015f teli, seramik braket, lingual ortodonti ve Invisalign \u015feffaf plak tedavileriyle \u00e7ocuklar ve yeti\u015fkinlere ki\u015fiye \u00f6zel ortodontik \u00e7\u00f6z\u00fcmler sunar. Uzman ortodontistlerimiz, dijital planlama teknolojileri ve hasta odakl\u0131 yakla\u015f\u0131m\u0131m\u0131z sayesinde estetik, fonksiyonel ve uzun \u00f6m\u00fcrl\u00fc sonu\u00e7lar elde etmenizi sa\u011flar.","twitter_misc":{"Tahmini okuma s\u00fcresi":"6 dakika"},"schema":{"@context":"https:\/\/schema.org","@graph":[{"@type":"WebPage","@id":"https:\/\/asdent.tr\/tr\/ortodonti-dis-teli-ve-seffaf-plaklar\/","url":"https:\/\/asdent.tr\/tr\/ortodonti-dis-teli-ve-seffaf-plaklar\/","name":"Ortodonti Di\u015f Teli | Bursa \u0130neg\u00f6l ASDENT \u015eeffaf Plak Tedavisi","isPartOf":{"@id":"https:\/\/asdent.tr\/tr\/#website"},"primaryImageOfPage":{"@id":"https:\/\/asdent.tr\/tr\/ortodonti-dis-teli-ve-seffaf-plaklar\/#primaryimage"},"image":{"@id":"https:\/\/asdent.tr\/tr\/ortodonti-dis-teli-ve-seffaf-plaklar\/#primaryimage"},"thumbnailUrl":"https:\/\/asdent.tr\/tr\/wp-content\/uploads\/sites\/2\/2025\/09\/Bursa-Inegol-ASDENT-Dis-klinigi-Ortodonti-dis-teli-ve-sefaf-olak-uygulamalari-1-2.webp","datePublished":"2025-09-10T13:22:29+00:00","dateModified":"2026-07-02T11:52:29+00:00","description":"Ortodonti Di\u015f Teli tedavisi ile sa\u011fl\u0131kl\u0131 ve estetik g\u00fcl\u00fc\u015flere kavu\u015fun. Bursa \u0130neg\u00f6l ASDENT'te \u015feffaf plak se\u00e7eneklerini ke\u015ffedin !","breadcrumb":{"@id":"https:\/\/asdent.tr\/tr\/ortodonti-dis-teli-ve-seffaf-plaklar\/#breadcrumb"},"inLanguage":"tr","potentialAction":[{"@type":"ReadAction","target":["https:\/\/asdent.tr\/tr\/ortodonti-dis-teli-ve-seffaf-plaklar\/"]}]},{"@type":"ImageObject","inLanguage":"tr","@id":"https:\/\/asdent.tr\/tr\/ortodonti-dis-teli-ve-seffaf-plaklar\/#primaryimage","url":"https:\/\/asdent.tr\/tr\/wp-content\/uploads\/sites\/2\/2025\/09\/Bursa-Inegol-ASDENT-Dis-klinigi-Ortodonti-dis-teli-ve-sefaf-olak-uygulamalari-1-2.webp","contentUrl":"https:\/\/asdent.tr\/tr\/wp-content\/uploads\/sites\/2\/2025\/09\/Bursa-Inegol-ASDENT-Dis-klinigi-Ortodonti-dis-teli-ve-sefaf-olak-uygulamalari-1-2.webp","width":1200,"height":675,"caption":"Bursa \u0130neg\u00f6l ASDENT Di\u015f klini\u011fi Ortodonti di\u015f teli ve \u015fefaf olak uygulamalar\u0131 1"},{"@type":"BreadcrumbList","@id":"https:\/\/asdent.tr\/tr\/ortodonti-dis-teli-ve-seffaf-plaklar\/#breadcrumb","itemListElement":[{"@type":"ListItem","position":1,"name":"Home","item":"https:\/\/asdent.tr\/tr\/"},{"@type":"ListItem","position":2,"name":"Ortodonti (Di\u015f Teli ve \u015eeffaf Plaklar)"}]},{"@type":"WebSite","@id":"https:\/\/asdent.tr\/tr\/#website","url":"https:\/\/asdent.tr\/tr\/","name":"\u00d6zel Asdent A\u011f\u0131z ve Di\u015f Sa\u011fl\u0131\u011f\u0131 Klini\u011fi Bursa \u0130neg\u00f6l","description":"Sa\u011fl\u0131kl\u0131 Di\u015fler, Mutlu G\u00fcl\u00fcmsemeler! ASDENT Di\u015f klini\u011fi \u0130neg\u00f6l Bursa","publisher":{"@id":"https:\/\/asdent.tr\/tr\/#organization"},"potentialAction":[{"@type":"SearchAction","target":{"@type":"EntryPoint","urlTemplate":"https:\/\/asdent.tr\/tr\/?s={search_term_string}"},"query-input":{"@type":"PropertyValueSpecification","valueRequired":true,"valueName":"search_term_string"}}],"inLanguage":"tr"},{"@type":"Organization","@id":"https:\/\/asdent.tr\/tr\/#organization","name":"\u00d6ZEL ASDENT A\u011eIZ VE D\u0130\u015e SA\u011eLI\u011eI POL\u0130KL\u0130N\u0130\u011e\u0130","alternateName":"\u0130NEG\u00d6L \u00d6ZEL ASDENT A\u011eIZ VE D\u0130\u015e SA\u011eLI\u011eI POL\u0130KL\u0130N\u0130\u011e\u0130","url":"https:\/\/asdent.tr\/tr\/","logo":{"@type":"ImageObject","inLanguage":"tr","@id":"https:\/\/asdent.tr\/tr\/#\/schema\/logo\/image\/","url":"https:\/\/asdent.tr\/tr\/wp-content\/uploads\/sites\/2\/2025\/08\/asdent-logo-png8.png","contentUrl":"https:\/\/asdent.tr\/tr\/wp-content\/uploads\/sites\/2\/2025\/08\/asdent-logo-png8.png","width":528,"height":311,"caption":"\u00d6ZEL ASDENT A\u011eIZ VE D\u0130\u015e SA\u011eLI\u011eI POL\u0130KL\u0130N\u0130\u011e\u0130"},"image":{"@id":"https:\/\/asdent.tr\/tr\/#\/schema\/logo\/image\/"},"sameAs":["https:\/\/www.facebook.com\/share\/1A6ebkSjr7\/?mibextid=wwXIfr"],"description":"\u0130NEG\u00d6L \u00d6ZEL ASDENT A\u011eIZ VE D\u0130\u015e SA\u011eLI\u011eI POL\u0130KL\u0130N\u0130\u011e\u0130, modern teknolojilerle donat\u0131lm\u0131\u015f, uzman hekim kadrosu ve hasta odakl\u0131 yakla\u015f\u0131m\u0131yla a\u011f\u0131z ve di\u015f sa\u011fl\u0131\u011f\u0131n\u0131z i\u00e7in g\u00fcvenilir \u00e7\u00f6z\u00fcmler sunmaktad\u0131r. Klini\u011fimizde estetik di\u015f hekimli\u011fi, implant, ortodonti, protez, \u00e7ocuk di\u015f sa\u011fl\u0131\u011f\u0131 ve koruyucu di\u015f tedavileri alan\u0131nda kapsaml\u0131 hizmetler verilmektedir. Sa\u011fl\u0131kl\u0131 ve estetik g\u00fcl\u00fc\u015fler i\u00e7in \u0130neg\u00f6l\u2019de yan\u0131n\u0131zday\u0131z.","email":"info@asdent.tr","telephone":"+90 224 713 37 70","legalName":"\u00d6ZEL ASDENT A\u011eIZ VE D\u0130\u015e SA\u011eLI\u011eI POL\u0130KL\u0130N\u0130\u011e\u0130","foundingDate":"2015-10-20","numberOfEmployees":{"@type":"QuantitativeValue","minValue":"11","maxValue":"50"}}]}},"_links":{"self":[{"href":"https:\/\/asdent.tr\/tr\/wp-json\/wp\/v2\/pages\/3438","targetHints":{"allow":["GET"]}}],"collection":[{"href":"https:\/\/asdent.tr\/tr\/wp-json\/wp\/v2\/pages"}],"about":[{"href":"https:\/\/asdent.tr\/tr\/wp-json\/wp\/v2\/types\/page"}],"author":[{"embeddable":true,"href":"https:\/\/asdent.tr\/tr\/wp-json\/wp\/v2\/users\/1"}],"replies":[{"embeddable":true,"href":"https:\/\/asdent.tr\/tr\/wp-json\/wp\/v2\/comments?post=3438"}],"version-history":[{"count":226,"href":"https:\/\/asdent.tr\/tr\/wp-json\/wp\/v2\/pages\/3438\/revisions"}],"predecessor-version":[{"id":5982,"href":"https:\/\/asdent.tr\/tr\/wp-json\/wp\/v2\/pages\/3438\/revisions\/5982"}],"wp:attachment":[{"href":"https:\/\/asdent.tr\/tr\/wp-json\/wp\/v2\/media?parent=3438"}],"curies":[{"name":"wp","href":"https:\/\/api.w.org\/{rel}","templated":true}]}}